{"id":5,"date":"2020-11-10T09:20:17","date_gmt":"2020-11-10T09:20:17","guid":{"rendered":"http:\/\/www.ravetllat.com?page_id=5"},"modified":"2025-10-23T08:08:37","modified_gmt":"2025-10-23T08:08:37","slug":"fragancias","status":"publish","type":"page","link":"https:\/\/www.ravetllat.com\/es\/fragancias\/","title":{"rendered":"Fragancias"},"content":{"rendered":"\r\n<div id=\"hero-banner-block_5faab9476afc4\" class=\"hero-banner block\">\r\n\r\n    <div class=\"bg_img\" style=\"background: url(https:\/\/www.ravetllat.com\/wp-content\/uploads\/2025\/10\/rvt-fr-06-1920x1274.jpg) no-repeat center; background-size: cover;\"><\/div>\r\n    <div class=\"gradient\"><\/div>\r\n    <div class=\"text_frame\">\r\n        <div class=\"text animated fadeIn wow\" data-wow-duration=\"1.5s\" data-wow-delay=\"0.5s\">\r\n            <h1>Fragancias a medida, <br>alcance global<\/h1>\r\n            <div class=\"divider\"><\/div>\r\n            <div class=\"double_arrow down scroll_down\"><\/div>\r\n        <\/div>\r\n    <\/div>\r\n            <div class=\"paragraph animated fadeIn wow\" data-wow-duration=\"1.5s\" data-wow-delay=\"0.5s\">Trabajamos junto a nuestros clientes para ofrecer las soluciones personalizadas m\u00e1s competitivas, dando soporte t\u00e9cnico integral y orientaci\u00f3n de mercado durante todo el proceso. Nuestra creatividad y experiencia en el sector garantizan unos resultados excepcionales.<\/div>\r\n    \r\n<\/div>\r\n\r\n<style type=\"text\/css\">\r\n    #hero-banner-block_5faab9476afc4 {\r\n        background: ;\r\n        color: ;\r\n    }\r\n<\/style>\n\n\r\n<div id=\"anchor-menu-block_5faabbd0a664d\" class=\"anchor-menu block bg_light\">\r\n\r\n    <div class=\"flex_container\">\r\n        \r\n                <a class=\"anchor_menu_element animated fadeIn wow\" data-wow-duration=\"1.5s\" data-wow-delay=\"0.5s\" href=\"#perfumeria\">Perfumer\u00eda fina <\/a>\r\n\r\n            \r\n                <a class=\"anchor_menu_element animated fadeIn wow\" data-wow-duration=\"1.5s\" data-wow-delay=\"0.5s\" href=\"#cuidado-personal\">Cuidado personal<\/a>\r\n\r\n            \r\n                <a class=\"anchor_menu_element animated fadeIn wow\" data-wow-duration=\"1.5s\" data-wow-delay=\"0.5s\" href=\"#hogar\">Cuidado del hogar<\/a>\r\n\r\n            \r\n                <a class=\"anchor_menu_element animated fadeIn wow\" data-wow-duration=\"1.5s\" data-wow-delay=\"0.5s\" href=\"#ambientacion\">Ambientaci\u00f3n <\/a>\r\n\r\n                <\/div>\r\n\r\n<\/div>\r\n\r\n<style type=\"text\/css\">\r\n    #anchor-menu-block_5faabbd0a664d {\r\n        background: ;\r\n        color: ;\r\n    }\r\n<\/style>\n\n\r\n<div id=\"perfumeria\" class=\"fullscreen-asimetric block\">\r\n\r\n    <div class=\"flex_container image_right bg_light\">\r\n        <div class=\"images parallax\">\r\n            <div class=\"image image_color\" style=\"background: url(https:\/\/www.ravetllat.com\/wp-content\/uploads\/2024\/11\/ravetllat-fragrances-fine-fragrance.jpg) no-repeat center; background-size: cover;\"><\/div>\r\n            <div class=\"image image_bw\" style=\"background: url(https:\/\/www.ravetllat.com\/wp-content\/uploads\/2024\/11\/ravetllat-fragrances-fine-fragrance.jpg) no-repeat center; background-size: cover;\"><\/div>\r\n        <\/div>\r\n        <div class=\"text_bg\">\r\n            <div class=\"text_box animated fadeIn wow\" data-wow-duration=\"1.5s\" data-wow-delay=\"0.5s\">\r\n                <div class=\"divider\"><\/div>\r\n                <h2>Perfumer\u00eda Fina<\/h2>\r\n                <div class=\"text\">\r\n                    <p>Desde los cl\u00e1sicos de siempre hasta las \u00faltimas tendencias, atendemos a los mercados globales y locales, apoy\u00e1ndonos en d\u00e9cadas de experiencia en el sector.<\/p>\n                <\/div>\r\n                            <\/div>\r\n        <\/div>\r\n    <\/div>\r\n\r\n<\/div>\r\n\r\n<style type=\"text\/css\">\r\n    #perfumeria {\r\n        background: ;\r\n        color: ;\r\n    }\r\n<\/style>\n\n\r\n<div id=\"cuidado-personal\" class=\"fullscreen-asimetric block\">\r\n\r\n    <div class=\"flex_container image_left bg_dark\">\r\n        <div class=\"images parallax\">\r\n            <div class=\"image image_color\" style=\"background: url(https:\/\/www.ravetllat.com\/wp-content\/uploads\/2021\/01\/Cuidado_Personal-1920x2879.jpg) no-repeat center; background-size: cover;\"><\/div>\r\n            <div class=\"image image_bw\" style=\"background: url(https:\/\/www.ravetllat.com\/wp-content\/uploads\/2021\/01\/Cuidado_Personal-1920x2879.jpg) no-repeat center; background-size: cover;\"><\/div>\r\n        <\/div>\r\n        <div class=\"text_bg\">\r\n            <div class=\"text_box animated fadeIn wow\" data-wow-duration=\"1.5s\" data-wow-delay=\"0.5s\">\r\n                <div class=\"divider\"><\/div>\r\n                <h2>Cuidado personal<\/h2>\r\n                <div class=\"text\">\r\n                    <p>Creamos esencias \u00fanicas que elevan la experiencia en el cuidado personal a otro nivel, fortaleciendo la lealtad de los clientes hacia la marca.<\/p>\n                <\/div>\r\n                            <\/div>\r\n        <\/div>\r\n    <\/div>\r\n\r\n<\/div>\r\n\r\n<style type=\"text\/css\">\r\n    #cuidado-personal {\r\n        background: ;\r\n        color: ;\r\n    }\r\n<\/style>\n\n\r\n<div id=\"hogar\" class=\"fullscreen-asimetric block\">\r\n\r\n    <div class=\"flex_container image_right bg_light\">\r\n        <div class=\"images parallax\">\r\n            <div class=\"image image_color\" style=\"background: url(https:\/\/www.ravetllat.com\/wp-content\/uploads\/2021\/01\/Cuidado_Hogar_Color_scaled-1920x1760.jpg) no-repeat center; background-size: cover;\"><\/div>\r\n            <div class=\"image image_bw\" style=\"background: url(https:\/\/www.ravetllat.com\/wp-content\/uploads\/2021\/01\/Cuidado_Hogar_Color_scaled-1920x1760.jpg) no-repeat center; background-size: cover;\"><\/div>\r\n        <\/div>\r\n        <div class=\"text_bg\">\r\n            <div class=\"text_box animated fadeIn wow\" data-wow-duration=\"1.5s\" data-wow-delay=\"0.5s\">\r\n                <div class=\"divider\"><\/div>\r\n                <h2>Cuidado del hogar<\/h2>\r\n                <div class=\"text\">\r\n                    <p>Dise\u00f1amos fragancias con un alto rendimiento que aportan a los productos de cuidado del hogar una eficacia y frescor duradero.<\/p>\n                <\/div>\r\n                            <\/div>\r\n        <\/div>\r\n    <\/div>\r\n\r\n<\/div>\r\n\r\n<style type=\"text\/css\">\r\n    #hogar {\r\n        background: ;\r\n        color: ;\r\n    }\r\n<\/style>\n\n\r\n<div id=\"hogar\" class=\"fullscreen-asimetric block\">\r\n\r\n    <div class=\"flex_container image_left bg_dark\">\r\n        <div class=\"images parallax\">\r\n            <div class=\"image image_color\" style=\"background: url(https:\/\/www.ravetllat.com\/wp-content\/uploads\/2021\/01\/AMBIENTACION-1920x1280.jpg) no-repeat center; background-size: cover;\"><\/div>\r\n            <div class=\"image image_bw\" style=\"background: url(https:\/\/www.ravetllat.com\/wp-content\/uploads\/2024\/11\/AMBIENTACION-01-1920x1280.jpg) no-repeat center; background-size: cover;\"><\/div>\r\n        <\/div>\r\n        <div class=\"text_bg\">\r\n            <div class=\"text_box animated fadeIn wow\" data-wow-duration=\"1.5s\" data-wow-delay=\"0.5s\">\r\n                <div class=\"divider\"><\/div>\r\n                <h2>Ambientaci\u00f3n <\/h2>\r\n                <div class=\"text\">\r\n                    <p>Desde velas hasta mikados y difusores el\u00e9ctricos, ofrecemos una amplia gama de soluciones para ambientaci\u00f3n que transforman espacios en viajes olfativos.<\/p>\n                <\/div>\r\n                            <\/div>\r\n        <\/div>\r\n    <\/div>\r\n\r\n<\/div>\r\n\r\n<style type=\"text\/css\">\r\n    #hogar {\r\n        background: ;\r\n        color: ;\r\n    }\r\n<\/style>\n\n\r\n<div id=\"centered-text-block_5faad78725404\" class=\"centered-text block bg_dark\">\r\n\r\n    <div class=\"text_box animated fadeIn wow\" data-wow-duration=\"1.5s\" data-wow-delay=\"0.5s\">\r\n        <h2><\/h2>\r\n        <div class=\"text\">\r\n            <p style=\"font-size:28px; line-height: 1.4; \">\u00bfTienes un proyecto en mente? Cont\u00e1ctanos.<\/p>        <\/div>\r\n                    <a class=\"button\" href=\"mailto:info@ravetllat.com\">Env\u00eda un mensaje<\/a>\r\n            <\/div>\r\n\r\n<\/div>\r\n\r\n<style type=\"text\/css\">\r\n    #centered-text-block_5faad78725404 {\r\n        background: ;\r\n        color: ;\r\n    }\r\n<\/style>","protected":false},"excerpt":{"rendered":"","protected":false},"author":3,"featured_media":0,"parent":0,"menu_order":0,"comment_status":"closed","ping_status":"closed","template":"","meta":{"footnotes":""},"class_list":["post-5","page","type-page","status-publish","hentry"],"_links":{"self":[{"href":"https:\/\/www.ravetllat.com\/es\/wp-json\/wp\/v2\/pages\/5","targetHints":{"allow":["GET"]}}],"collection":[{"href":"https:\/\/www.ravetllat.com\/es\/wp-json\/wp\/v2\/pages"}],"about":[{"href":"https:\/\/www.ravetllat.com\/es\/wp-json\/wp\/v2\/types\/page"}],"author":[{"embeddable":true,"href":"https:\/\/www.ravetllat.com\/es\/wp-json\/wp\/v2\/users\/3"}],"replies":[{"embeddable":true,"href":"https:\/\/www.ravetllat.com\/es\/wp-json\/wp\/v2\/comments?post=5"}],"version-history":[{"count":72,"href":"https:\/\/www.ravetllat.com\/es\/wp-json\/wp\/v2\/pages\/5\/revisions"}],"predecessor-version":[{"id":4064,"href":"https:\/\/www.ravetllat.com\/es\/wp-json\/wp\/v2\/pages\/5\/revisions\/4064"}],"wp:attachment":[{"href":"https:\/\/www.ravetllat.com\/es\/wp-json\/wp\/v2\/media?parent=5"}],"curies":[{"name":"wp","href":"https:\/\/api.w.org\/{rel}","templated":true}]}}